{"id":319,"date":"2023-05-18T20:46:30","date_gmt":"2022-07-04T12:31:45","guid":{"rendered":"https:\/\/pavillon-s.com\/pavillon-s-temoins-2023-2\/"},"modified":"2024-10-21T11:41:20","modified_gmt":"2024-10-21T09:41:20","slug":"pavillon-s-temoins-2024","status":"publish","type":"page","link":"http:\/\/pavillon-s.com\/en\/pavillon-s-temoins-2024\/","title":{"rendered":"Pavillon-s t\u00e9moins 2024"},"content":{"rendered":"","protected":false},"excerpt":{"rendered":"","protected":false},"author":1,"featured_media":0,"parent":0,"menu_order":20,"comment_status":"closed","ping_status":"closed","template":"","meta":[],"class_list":["post-319","page","type-page","status-publish","hentry"],"grid":"{\r\n  \"colCount\": 12,\r\n  \"colGutter\": 1,\r\n  \"rowGutters\": [\r\n    2,\r\n    2,\r\n    0,\r\n    2,\r\n    0,\r\n    2,\r\n    0\r\n  ],\r\n  \"frameMargin\": 5,\r\n  \"leftFrameMargin\": 2.5,\r\n  \"rightFrameMargin\": 5,\r\n  \"topFrameMargin\": 180,\r\n  \"bottomFrameMargin\": 5,\r\n  \"rowAttrs\": [\r\n    {},\r\n    {},\r\n    {},\r\n    {},\r\n    {},\r\n    {},\r\n    {},\r\n    {}\r\n  ],\r\n  \"bgColor\": null,\r\n  \"bgImage\": null,\r\n  \"cont\": [\r\n    {\r\n      \"type\": \"text\",\r\n      \"cont\": \"<h1 class=\\\"_titre_page\\\"><a href=\\\"http:\/\/pavillon-s.com\/pavillon-s-temoins\/\\\">Pavillon-s t\u00e9moins 2024<\/a><\/h1>\",\r\n      \"align\": \"top\",\r\n      \"row\": 0,\r\n      \"col\": 0,\r\n      \"colspan\": 7,\r\n      \"offsetx\": 0,\r\n      \"offsety\": 0,\r\n      \"spaceabove\": 0,\r\n      \"spacebelow\": 0,\r\n      \"yvel\": 1,\r\n      \"push\": 0,\r\n      \"relid\": 4,\r\n      \"frameOverflow\": \"\"\r\n    },\r\n    {\r\n      \"type\": \"text\",\r\n      \"cont\": \"<p class=\\\"_texte_page\\\">La deuxi\u00e8me \u00e9dition des Pavillon-s t\u00e9moins se d\u00e9roulera du 24 juin au 20 juillet 2024 dans trois territoires de la M\u00e9tropole de Rouen : les quatre villages formant la Boucle de Roumare (Val-de-la-Haye, Hautot-sur-Seine, Sahurs et Saint-Pierre-de-Manneville), Franqueville-Saint-Pierre et La Grand\u2019Mare dans les Hauts-de-Rouen.<br \/>Cette deuxi\u00e8me saison des Pavillon-s t\u00e9moins pr\u00e9voit \u00e9galement\u00a0un programme de performances et temps forts.<\/p>\",\r\n      \"align\": \"top\",\r\n      \"row\": 1,\r\n      \"col\": 0,\r\n      \"colspan\": 8,\r\n      \"offsetx\": 0,\r\n      \"offsety\": 0,\r\n      \"spaceabove\": 0,\r\n      \"spacebelow\": 0,\r\n      \"yvel\": 1,\r\n      \"push\": 0,\r\n      \"relid\": 12,\r\n      \"frameOverflow\": \"\"\r\n    },\r\n    {\r\n      \"type\": \"text\",\r\n      \"cont\": \"<h1 class=\\\"_lien_niv3\\\"><span style=\\\"font-size: 20px;\\\"><a href=\\\"http:\/\/pavillon-s.com\/roumare-artistes-projets-2024\/\\\" data-type=\\\"page\\\" data-id=\\\"710\\\" data-title=\\\"Pavillon-s t\u00e9moins Boucle de Roumare artistes projets 2024\\\"><span style=\\\"color: #ff00ff;\\\"><strong><span style=\\\"font-size: 20px;\\\">Pavillon-s t\u00e9moins, Boucle de Roumare<\/span><br \/><\/strong>du 24 juin au 12 juillet<\/span><\/a><br \/><\/span><\/h1>\",\r\n      \"align\": \"top\",\r\n      \"row\": 2,\r\n      \"col\": 0,\r\n      \"colspan\": 8,\r\n      \"offsetx\": 0,\r\n      \"offsety\": 0,\r\n      \"spaceabove\": 0,\r\n      \"spacebelow\": 0,\r\n      \"yvel\": 1,\r\n      \"push\": 0,\r\n      \"relid\": 119\r\n    },\r\n    {\r\n      \"type\": \"text\",\r\n      \"cont\": \"<p class=\\\"_texte_page\\\"><a rel=\\\"noopener\\\" href=\\\"http:\/\/pavillon-s.com\/wp-content\/uploads\/2024\/05\/PAV_ROUMARE_WEB-3.pdf\\\" target=\\\"_blank\\\"><span style=\\\"color: #000000;\\\">T\u00e9l\u00e9chargez<span style=\\\"text-decoration: underline; color: #ff00ff;\\\"> le programme<\/span><\/span><\/a>, d\u00e9couvrir le <span><a rel=\\\"noopener\\\" href=\\\"https:\/\/vimeo.com\/1015595289\/319721d5ec\\\" target=\\\"_blank\\\"><span style=\\\"color: #ff00ff;\\\"><span style=\\\"text-decoration: underline;\\\">retour en images<\/span><\/span><\/a><\/span><\/p>\",\r\n      \"align\": \"top\",\r\n      \"row\": 3,\r\n      \"col\": 0,\r\n      \"colspan\": 8,\r\n      \"offsetx\": 0,\r\n      \"offsety\": 0,\r\n      \"spaceabove\": 0,\r\n      \"spacebelow\": 0,\r\n      \"yvel\": 1,\r\n      \"push\": 0,\r\n      \"relid\": 5\r\n    },\r\n    {\r\n      \"type\": \"text\",\r\n      \"cont\": \"<h1 class=\\\"_lien_niv3\\\"><a href=\\\"http:\/\/pavillon-s.com\/franqueville-artistes-projets-2024\/\\\" data-type=\\\"page\\\" data-id=\\\"714\\\" data-title=\\\"Pavillon-s t\u00e9moins Franqueville-Saint-Pierre artistes projets 2024\\\"><span style=\\\"font-size: 20px; color: #ff00ff;\\\"><strong>Pavillon-s t\u00e9moins, Franqueville-Saint-Pierre<\/strong> <br \/><\/span><\/a><span style=\\\"font-size: 20px;\\\"><a href=\\\"http:\/\/pavillon-s.com\/franqueville-artistes-projets-2024\/\\\" data-type=\\\"page\\\" data-id=\\\"714\\\" data-title=\\\"Pavillon-s t\u00e9moins Franqueville-Saint-Pierre artistes projets 2024\\\"><span style=\\\"color: #ff00ff;\\\">du 24 juin au 13 juillet<\/span><\/a><br \/><\/span><\/h1>\",\r\n      \"align\": \"top\",\r\n      \"row\": 4,\r\n      \"col\": 0,\r\n      \"colspan\": 8,\r\n      \"offsetx\": 0,\r\n      \"offsety\": 0,\r\n      \"spaceabove\": 0,\r\n      \"spacebelow\": 0,\r\n      \"yvel\": 1,\r\n      \"push\": 0,\r\n      \"relid\": 6\r\n    },\r\n    {\r\n      \"type\": \"text\",\r\n      \"cont\": \"<p class=\\\"_texte_page\\\"><a rel=\\\"noopener\\\" href=\\\"http:\/\/pavillon-s.com\/wp-content\/uploads\/2024\/05\/PAV_FRANQUEVILLE_WEB-1.pdf\\\" target=\\\"_blank\\\"><span style=\\\"font-size: 20px;\\\"><span style=\\\"color: #000000;\\\">T\u00e9l\u00e9chargez<span style=\\\"text-decoration: underline; color: #ff00ff;\\\"> le programme<\/span><\/span><\/span><\/a>, d\u00e9couvrir le <a rel=\\\"noopener\\\" href=\\\"https:\/\/vimeo.com\/1015603401\\\" target=\\\"_blank\\\"><span style=\\\"color: #ff00ff;\\\"><span style=\\\"text-decoration: underline;\\\">retour en images<\/span><\/span><\/a><\/p>\",\r\n      \"align\": \"top\",\r\n      \"row\": 5,\r\n      \"col\": 0,\r\n      \"colspan\": 7,\r\n      \"offsetx\": 0,\r\n      \"offsety\": 0,\r\n      \"spaceabove\": 0,\r\n      \"spacebelow\": 0,\r\n      \"yvel\": 1,\r\n      \"push\": 0,\r\n      \"relid\": 9\r\n    },\r\n    {\r\n      \"type\": \"text\",\r\n      \"cont\": \"<h1 class=\\\"_lien_niv3\\\"><a href=\\\"http:\/\/pavillon-s.com\/grandmare-artistes-projets-2024\/\\\" data-type=\\\"page\\\" data-id=\\\"712\\\" data-title=\\\"Pavillon-s t\u00e9moins Grand'Mare artistes projets 2024\\\"><span style=\\\"font-size: 20px; color: #ff00ff;\\\"><strong><span style=\\\"font-size: 20px;\\\">Pavillon-s t\u00e9moins, Grand'Mare<\/span><br \/><\/strong>du 1er au 20 juillet<\/span><\/a><\/h1>\",\r\n      \"align\": \"top\",\r\n      \"row\": 6,\r\n      \"col\": 0,\r\n      \"colspan\": 7,\r\n      \"offsetx\": 0,\r\n      \"offsety\": 0,\r\n      \"spaceabove\": 0,\r\n      \"spacebelow\": 0,\r\n      \"yvel\": 1,\r\n      \"push\": 0,\r\n      \"relid\": 10,\r\n      \"frameOverflow\": \"\"\r\n    },\r\n    {\r\n      \"type\": \"text\",\r\n      \"cont\": \"<p><span style=\\\"font-size: 20px;\\\"><a rel=\\\"noopener\\\" href=\\\"http:\/\/pavillon-s.com\/wp-content\/uploads\/2024\/05\/PAV_GRANDMARE_WEB-3.pdf\\\" target=\\\"_blank\\\"><span style=\\\"color: #000000;\\\">T\u00e9l\u00e9charger <span style=\\\"text-decoration: underline; color: #ff00ff;\\\">le programme<\/span><\/span><\/a>, d\u00e9couvrir le <span style=\\\"text-decoration: underline;\\\"><span style=\\\"color: #ff00ff; text-decoration: underline;\\\"><a style=\\\"color: #ff00ff; text-decoration: underline;\\\" rel=\\\"noopener\\\" href=\\\"https:\/\/vimeo.com\/1015605883\\\" target=\\\"_blank\\\">retour en images<\/a><\/span><\/span><br \/><\/span><\/p>\",\r\n      \"align\": \"top\",\r\n      \"row\": 7,\r\n      \"col\": 0,\r\n      \"colspan\": 7,\r\n      \"offsetx\": 0,\r\n      \"offsety\": 0,\r\n      \"spaceabove\": 0,\r\n      \"spacebelow\": 0,\r\n      \"yvel\": 1,\r\n      \"push\": 0,\r\n      \"relid\": 11\r\n    }\r\n  ]\r\n}","phonegrid":"{\r\n  \"colCount\": 12,\r\n  \"colGutter\": 1,\r\n  \"rowGutters\": [\r\n    \"2\",\r\n    \"2\",\r\n    \"0\",\r\n    \"5\",\r\n    \"0\",\r\n    \"5\",\r\n    \"0\"\r\n  ],\r\n  \"frameMargin\": 5,\r\n  \"leftFrameMargin\": 5,\r\n  \"rightFrameMargin\": 5,\r\n  \"topFrameMargin\": \"15\",\r\n  \"bottomFrameMargin\": 5,\r\n  \"rowAttrs\": [\r\n    {},\r\n    {},\r\n    {},\r\n    {},\r\n    {},\r\n    {},\r\n    {},\r\n    {}\r\n  ],\r\n  \"bgColor\": null,\r\n  \"bgImage\": null,\r\n  \"cont\": [\r\n    {\r\n      \"type\": \"text\",\r\n      \"cont\": \"<h1 class=\\\"_titre_page\\\"><a href=\\\"http:\/\/pavillon-s.com\/pavillon-s-temoins\/\\\">Pavillon-s t\u00e9moins 2024<\/a><\/h1>\",\r\n      \"align\": \"bottom\",\r\n      \"row\": 0,\r\n      \"col\": 0,\r\n      \"colspan\": 12,\r\n      \"offsetx\": 0,\r\n      \"offsety\": 0,\r\n      \"spaceabove\": 0,\r\n      \"spacebelow\": 0,\r\n      \"yvel\": 1,\r\n      \"push\": 0,\r\n      \"relid\": 4,\r\n      \"frameOverflow\": \"\"\r\n    },\r\n    {\r\n      \"type\": \"text\",\r\n      \"cont\": \"<p class=\\\"_texte_page\\\">La deuxi\u00e8me \u00e9dition des Pavillon-s t\u00e9moins se d\u00e9roulera du 24 juin au 20 juillet 2024 dans trois territoires de la M\u00e9tropole de Rouen : les quatre villages formant la Boucle de Roumare (Val-de-la-Haye, Hautot-sur-Seine, Sahurs et Saint-Pierre-de-Manneville), Franqueville-Saint-Pierre et La Grand\u2019Mare dans les Hauts-de-Rouen.<br \/>Cette deuxi\u00e8me saison des Pavillon-s t\u00e9moins pr\u00e9voit \u00e9galement\u00a0un programme de performances et temps forts.<\/p>\",\r\n      \"align\": \"bottom\",\r\n      \"row\": 1,\r\n      \"col\": 0,\r\n      \"colspan\": 12,\r\n      \"offsetx\": 0,\r\n      \"offsety\": 0,\r\n      \"spaceabove\": 0,\r\n      \"spacebelow\": 0,\r\n      \"yvel\": 1,\r\n      \"push\": 0,\r\n      \"relid\": 8,\r\n      \"frameOverflow\": \"\",\r\n      \"dosync\": false\r\n    },\r\n    {\r\n      \"type\": \"text\",\r\n      \"cont\": \"<h1 class=\\\"_mobile_titre_infospratiques\\\"><a href=\\\"http:\/\/pavillon-s.com\/roumare-artistes-projets-2024\/\\\" data-type=\\\"page\\\" data-id=\\\"710\\\" data-title=\\\"Pavillon-s t\u00e9moins Boucle de Roumare artistes projets 2024\\\"><span style=\\\"color: #ff00ff;\\\">Pavillon-s t\u00e9moins, Boucle de Roumare<\/span><\/a><br \/><a href=\\\"http:\/\/pavillon-s.com\/roumare-artistes-projets-2024\/\\\" data-type=\\\"page\\\" data-id=\\\"710\\\" data-title=\\\"Pavillon-s t\u00e9moins Boucle de Roumare artistes projets 2024\\\"><span style=\\\"color: #ff00ff;\\\">du<\/span><span style=\\\"color: #ff00ff;\\\"> 24 <\/span><span style=\\\"color: #ff00ff;\\\">juin au 12 juillet<\/span><\/a><\/h1>\",\r\n      \"align\": \"top\",\r\n      \"row\": 2,\r\n      \"col\": 0,\r\n      \"colspan\": 12,\r\n      \"offsetx\": 0,\r\n      \"offsety\": 0,\r\n      \"spaceabove\": 0,\r\n      \"spacebelow\": 0,\r\n      \"yvel\": 1,\r\n      \"push\": 0,\r\n      \"relid\": 7\r\n    },\r\n    {\r\n      \"type\": \"text\",\r\n      \"cont\": \"<p class=\\\"_texte_page\\\"><a href=\\\"http:\/\/pavillon-s.com\/wp-content\/uploads\/2024\/05\/PAV_ROUMARE_WEB-3.pdf\\\"><span style=\\\"color: #000000;\\\">T\u00e9l\u00e9chargez<\/span><span style=\\\"color: #000000;\\\"> <span style=\\\"text-decoration: underline; color: #ff00ff;\\\">le programme<\/span><\/span><\/a><\/p>\",\r\n      \"align\": \"bottom\",\r\n      \"row\": 3,\r\n      \"col\": 0,\r\n      \"colspan\": 12,\r\n      \"offsetx\": 0,\r\n      \"offsety\": 0,\r\n      \"spaceabove\": 0,\r\n      \"spacebelow\": 0,\r\n      \"yvel\": 1,\r\n      \"push\": 0,\r\n      \"relid\": 15\r\n    },\r\n    {\r\n      \"type\": \"text\",\r\n      \"cont\": \"<h1 class=\\\"_mobile_titre_infospratiques\\\"><a href=\\\"http:\/\/pavillon-s.com\/franqueville-artistes-projets-2024\/\\\" data-type=\\\"page\\\" data-id=\\\"714\\\" data-title=\\\"Pavillon-s t\u00e9moins Franqueville-Saint-Pierre artistes projets 2024\\\"><span style=\\\"color: #ff00ff;\\\">Pavillon-s t\u00e9moins, Franqueville-Saint-Pierre<\/span><\/a><br \/><a href=\\\"http:\/\/pavillon-s.com\/franqueville-artistes-projets-2024\/\\\" data-type=\\\"page\\\" data-id=\\\"714\\\" data-title=\\\"Pavillon-s t\u00e9moins Franqueville-Saint-Pierre artistes projets 2024\\\"><span style=\\\"color: #ff00ff;\\\">du 24 juin au 13 juillet<\/span><\/a><\/h1>\",\r\n      \"align\": \"top\",\r\n      \"row\": 4,\r\n      \"col\": 0,\r\n      \"colspan\": 12,\r\n      \"offsetx\": 0,\r\n      \"offsety\": 0,\r\n      \"spaceabove\": 0,\r\n      \"spacebelow\": 0,\r\n      \"yvel\": 1,\r\n      \"push\": 0,\r\n      \"relid\": 13\r\n    },\r\n    {\r\n      \"type\": \"text\",\r\n      \"cont\": \"<p class=\\\"_texte_page\\\"><a href=\\\"http:\/\/pavillon-s.com\/wp-content\/uploads\/2024\/05\/PAV_FRANQUEVILLE_WEB-1.pdf\\\"><span style=\\\"color: #ff00ff;\\\"><span style=\\\"color: #000000;\\\">T\u00e9l\u00e9chargez<\/span> <span style=\\\"text-decoration: underline;\\\">le programme<\/span><\/span><\/a><\/p>\",\r\n      \"align\": \"top\",\r\n      \"row\": 5,\r\n      \"col\": 0,\r\n      \"colspan\": 12,\r\n      \"offsetx\": 0,\r\n      \"offsety\": 0,\r\n      \"spaceabove\": 0,\r\n      \"spacebelow\": 0,\r\n      \"yvel\": 1,\r\n      \"push\": 0,\r\n      \"relid\": 16\r\n    },\r\n    {\r\n      \"type\": \"text\",\r\n      \"cont\": \"<h1 class=\\\"_Titre_spectacle\\\"><a href=\\\"http:\/\/pavillon-s.com\/grandmare-artistes-projets-2024\/\\\" data-type=\\\"page\\\" data-id=\\\"712\\\" data-title=\\\"Pavillon-s t\u00e9moins Grand'Mare artistes projets 2024\\\"><span style=\\\"color: #ff00ff;\\\">Pavillon-s t\u00e9moins, Grand'Mare<\/span><\/a><br \/><a href=\\\"http:\/\/pavillon-s.com\/grandmare-artistes-projets-2024\/\\\" data-type=\\\"page\\\" data-id=\\\"712\\\" data-title=\\\"Pavillon-s t\u00e9moins Grand'Mare artistes projets 2024\\\"><span style=\\\"color: #ff00ff;\\\">du 1er au 20 juillet<\/span><\/a><\/h1>\",\r\n      \"align\": \"top\",\r\n      \"row\": 6,\r\n      \"col\": 0,\r\n      \"colspan\": 12,\r\n      \"offsetx\": 0,\r\n      \"offsety\": 0,\r\n      \"spaceabove\": 0,\r\n      \"spacebelow\": 0,\r\n      \"yvel\": 1,\r\n      \"push\": 0,\r\n      \"relid\": 14\r\n    },\r\n    {\r\n      \"type\": \"text\",\r\n      \"cont\": \"<p class=\\\"_texte_page\\\"><a href=\\\"http:\/\/pavillon-s.com\/wp-content\/uploads\/2024\/05\/PAV_GRANDMARE_WEB-3.pdf\\\"><span style=\\\"color: #000000;\\\">T\u00e9l\u00e9charger <span style=\\\"text-decoration: underline;\\\"><span style=\\\"color: #ff00ff; text-decoration: underline;\\\">le programme<\/span><\/span><\/span><\/a><\/p>\",\r\n      \"align\": \"top\",\r\n      \"row\": 7,\r\n      \"col\": 0,\r\n      \"colspan\": 12,\r\n      \"offsetx\": 0,\r\n      \"offsety\": 0,\r\n      \"spaceabove\": 0,\r\n      \"spacebelow\": 0,\r\n      \"yvel\": 1,\r\n      \"push\": 0,\r\n      \"relid\": 17\r\n    }\r\n  ]\r\n}","_links":{"self":[{"href":"http:\/\/pavillon-s.com\/en\/wp-json\/wp\/v2\/pages\/319","targetHints":{"allow":["GET"]}}],"collection":[{"href":"http:\/\/pavillon-s.com\/en\/wp-json\/wp\/v2\/pages"}],"about":[{"href":"http:\/\/pavillon-s.com\/en\/wp-json\/wp\/v2\/types\/page"}],"author":[{"embeddable":true,"href":"http:\/\/pavillon-s.com\/en\/wp-json\/wp\/v2\/users\/1"}],"replies":[{"embeddable":true,"href":"http:\/\/pavillon-s.com\/en\/wp-json\/wp\/v2\/comments?post=319"}],"version-history":[{"count":0,"href":"http:\/\/pavillon-s.com\/en\/wp-json\/wp\/v2\/pages\/319\/revisions"}],"wp:attachment":[{"href":"http:\/\/pavillon-s.com\/en\/wp-json\/wp\/v2\/media?parent=319"}],"curies":[{"name":"wp","href":"https:\/\/api.w.org\/{rel}","templated":true}]}}